{"id":15911,"date":"2025-09-09T11:17:21","date_gmt":"2025-09-09T09:17:21","guid":{"rendered":"https:\/\/yknew.yukatel.de\/?page_id=15911"},"modified":"2025-10-13T12:13:53","modified_gmt":"2025-10-13T10:13:53","slug":"blog","status":"publish","type":"page","link":"https:\/\/yukatel.de\/fr\/blog\/","title":{"rendered":"Blog"},"content":{"rendered":"<div data-elementor-type=\"wp-page\" data-elementor-id=\"15911\" class=\"elementor elementor-15911\" data-elementor-post-type=\"page\">\n\t\t\t\t<div class=\"elementor-element elementor-element-4dc332b e-flex e-con-boxed e-con e-parent\" data-id=\"4dc332b\" data-element_type=\"container\" data-e-type=\"container\">\n\t\t\t\t\t<div class=\"e-con-inner\">\n\t\t\t\t<div class=\"elementor-element elementor-element-127c3dd elementor-widget elementor-widget-heading\" data-id=\"127c3dd\" data-element_type=\"widget\" data-e-type=\"widget\" data-widget_type=\"heading.default\">\n\t\t\t\t\t<h2 class=\"elementor-heading-title elementor-size-default\">blog &amp; News<\/h2>\t\t\t\t<\/div>\n\t\t\t\t<div class=\"elementor-element elementor-element-cba5d00 elementor-widget elementor-widget-heading\" data-id=\"cba5d00\" data-element_type=\"widget\" data-e-type=\"widget\" data-widget_type=\"heading.default\">\n\t\t\t\t\t<h2 class=\"elementor-heading-title elementor-size-default\">yukalife<\/h2>\t\t\t\t<\/div>\n\t\t\t\t<div class=\"elementor-element elementor-element-def1f8a elementor-widget elementor-widget-text-editor\" data-id=\"def1f8a\" data-element_type=\"widget\" data-e-type=\"widget\" data-widget_type=\"text-editor.default\">\n\t\t\t\t\t\t\t\t\t<p>Bleiben Sie auf dem Laufenden mit Neuigkeiten von Yukatel &#8211; und aus der Tech-Welt<\/p>\t\t\t\t\t\t\t\t<\/div>\n\t\t\t\t<div class=\"elementor-element elementor-element-24b9783 elementor-posts--align-left elementor-grid-3 elementor-grid-tablet-2 elementor-grid-mobile-1 elementor-posts--thumbnail-top elementor-posts__hover-gradient elementor-widget elementor-widget-posts\" data-id=\"24b9783\" data-element_type=\"widget\" data-e-type=\"widget\" data-settings=\"{&quot;pagination_type&quot;:&quot;numbers_and_prev_next&quot;,&quot;cards_columns&quot;:&quot;3&quot;,&quot;cards_columns_tablet&quot;:&quot;2&quot;,&quot;cards_columns_mobile&quot;:&quot;1&quot;,&quot;cards_row_gap&quot;:{&quot;unit&quot;:&quot;px&quot;,&quot;size&quot;:35,&quot;sizes&quot;:[]},&quot;cards_row_gap_tablet&quot;:{&quot;unit&quot;:&quot;px&quot;,&quot;size&quot;:&quot;&quot;,&quot;sizes&quot;:[]},&quot;cards_row_gap_mobile&quot;:{&quot;unit&quot;:&quot;px&quot;,&quot;size&quot;:&quot;&quot;,&quot;sizes&quot;:[]}}\" data-widget_type=\"posts.cards\">\n\t\t\t\t<div class=\"elementor-widget-container\">\n\t\t\t\t\t\t\t<div class=\"elementor-posts-container elementor-posts elementor-posts--skin-cards elementor-grid\" role=\"list\">\n\t\t\t\t<article class=\"elementor-post elementor-grid-item post-18228 post type-post status-publish format-standard has-post-thumbnail hentry category-allgemein\" role=\"listitem\">\n\t\t\t<div class=\"elementor-post__card\">\n\t\t\t\t<a class=\"elementor-post__thumbnail__link\" href=\"https:\/\/yukatel.de\/fr\/yukatel-und-doerr-motorsport-beim-24h-rennen-nuerburgring-2026\/\" tabindex=\"-1\" ><div class=\"elementor-post__thumbnail\"><img fetchpriority=\"high\" decoding=\"async\" width=\"1498\" height=\"792\" src=\"https:\/\/yukatel.de\/wp-content\/uploads\/2026\/04\/24hrennen_blogbild.png\" class=\"attachment-full size-full wp-image-18231\" alt=\"\" srcset=\"https:\/\/yukatel.de\/wp-content\/uploads\/2026\/04\/24hrennen_blogbild.png 1498w, https:\/\/yukatel.de\/wp-content\/uploads\/2026\/04\/24hrennen_blogbild-300x159.png 300w, https:\/\/yukatel.de\/wp-content\/uploads\/2026\/04\/24hrennen_blogbild-1024x541.png 1024w, https:\/\/yukatel.de\/wp-content\/uploads\/2026\/04\/24hrennen_blogbild-768x406.png 768w, https:\/\/yukatel.de\/wp-content\/uploads\/2026\/04\/24hrennen_blogbild-18x10.png 18w\" sizes=\"(max-width: 1498px) 100vw, 1498px\" \/><\/div><\/a>\n\t\t\t\t<div class=\"elementor-post__text\">\n\t\t\t\t<h3 class=\"elementor-post__title\">\n\t\t\t<a href=\"https:\/\/yukatel.de\/fr\/yukatel-und-doerr-motorsport-beim-24h-rennen-nuerburgring-2026\/\" >\n\t\t\t\tYukatel und D\u00f6rr Motorsport beim 24h-Rennen N\u00fcrburgring 2026\t\t\t<\/a>\n\t\t<\/h3>\n\t\t\t\t<\/div>\n\t\t\t\t<div class=\"elementor-post__meta-data\">\n\t\t\t\t\t<span class=\"elementor-post-date\">\n\t\t\t24. avril 2026\t\t<\/span>\n\t\t\t\t<\/div>\n\t\t\t\t\t<\/div>\n\t\t<\/article>\n\t\t\t\t<article class=\"elementor-post elementor-grid-item post-18215 post type-post status-publish format-standard has-post-thumbnail hentry category-allgemein\" role=\"listitem\">\n\t\t\t<div class=\"elementor-post__card\">\n\t\t\t\t<a class=\"elementor-post__thumbnail__link\" href=\"https:\/\/yukatel.de\/fr\/yukatel-dtm-sponsoring-2026\/\" tabindex=\"-1\" ><div class=\"elementor-post__thumbnail\"><img decoding=\"async\" width=\"1498\" height=\"792\" src=\"https:\/\/yukatel.de\/wp-content\/uploads\/2026\/04\/blog_post_dtm_yukatel.jpg\" class=\"attachment-full size-full wp-image-18216\" alt=\"Yukatel DTM Racecar\" srcset=\"https:\/\/yukatel.de\/wp-content\/uploads\/2026\/04\/blog_post_dtm_yukatel.jpg 1498w, https:\/\/yukatel.de\/wp-content\/uploads\/2026\/04\/blog_post_dtm_yukatel-300x159.jpg 300w, https:\/\/yukatel.de\/wp-content\/uploads\/2026\/04\/blog_post_dtm_yukatel-1024x541.jpg 1024w, https:\/\/yukatel.de\/wp-content\/uploads\/2026\/04\/blog_post_dtm_yukatel-768x406.jpg 768w, https:\/\/yukatel.de\/wp-content\/uploads\/2026\/04\/blog_post_dtm_yukatel-18x10.jpg 18w\" sizes=\"(max-width: 1498px) 100vw, 1498px\" \/><\/div><\/a>\n\t\t\t\t<div class=\"elementor-post__text\">\n\t\t\t\t<h3 class=\"elementor-post__title\">\n\t\t\t<a href=\"https:\/\/yukatel.de\/fr\/yukatel-dtm-sponsoring-2026\/\" >\n\t\t\t\tYukatel baut DTM-Pr\u00e4senz weiter aus und bleibt 2026 Hauptsponsor von D\u00f6rr Motorsport\t\t\t<\/a>\n\t\t<\/h3>\n\t\t\t\t<\/div>\n\t\t\t\t<div class=\"elementor-post__meta-data\">\n\t\t\t\t\t<span class=\"elementor-post-date\">\n\t\t\t17. avril 2026\t\t<\/span>\n\t\t\t\t<\/div>\n\t\t\t\t\t<\/div>\n\t\t<\/article>\n\t\t\t\t<article class=\"elementor-post elementor-grid-item post-18192 post type-post status-publish format-standard has-post-thumbnail hentry category-allgemein\" role=\"listitem\">\n\t\t\t<div class=\"elementor-post__card\">\n\t\t\t\t<a class=\"elementor-post__thumbnail__link\" href=\"https:\/\/yukatel.de\/fr\/die-neue-yukatel-b2b-app-handel-neu-gedacht-jederzeit-und-ueberall\/\" tabindex=\"-1\" ><div class=\"elementor-post__thumbnail\"><img decoding=\"async\" width=\"1498\" height=\"792\" src=\"https:\/\/yukatel.de\/wp-content\/uploads\/2026\/03\/1498x792.png\" class=\"attachment-full size-full wp-image-18195\" alt=\"\" srcset=\"https:\/\/yukatel.de\/wp-content\/uploads\/2026\/03\/1498x792.png 1498w, https:\/\/yukatel.de\/wp-content\/uploads\/2026\/03\/1498x792-300x159.png 300w, https:\/\/yukatel.de\/wp-content\/uploads\/2026\/03\/1498x792-1024x541.png 1024w, https:\/\/yukatel.de\/wp-content\/uploads\/2026\/03\/1498x792-768x406.png 768w, https:\/\/yukatel.de\/wp-content\/uploads\/2026\/03\/1498x792-18x10.png 18w\" sizes=\"(max-width: 1498px) 100vw, 1498px\" \/><\/div><\/a>\n\t\t\t\t<div class=\"elementor-post__text\">\n\t\t\t\t<h3 class=\"elementor-post__title\">\n\t\t\t<a href=\"https:\/\/yukatel.de\/fr\/die-neue-yukatel-b2b-app-handel-neu-gedacht-jederzeit-und-ueberall\/\" >\n\t\t\t\tDie neue Yukatel B2B-App: Handel neu gedacht \u2013 jederzeit und \u00fcberall!\t\t\t<\/a>\n\t\t<\/h3>\n\t\t\t\t<\/div>\n\t\t\t\t<div class=\"elementor-post__meta-data\">\n\t\t\t\t\t<span class=\"elementor-post-date\">\n\t\t\t30. mars 2026\t\t<\/span>\n\t\t\t\t<\/div>\n\t\t\t\t\t<\/div>\n\t\t<\/article>\n\t\t\t\t<article class=\"elementor-post elementor-grid-item post-17956 post type-post status-publish format-standard has-post-thumbnail hentry category-allgemein\" role=\"listitem\">\n\t\t\t<div class=\"elementor-post__card\">\n\t\t\t\t<a class=\"elementor-post__thumbnail__link\" href=\"https:\/\/yukatel.de\/fr\/b2b-shop-update-changelog\/\" tabindex=\"-1\" ><div class=\"elementor-post__thumbnail\"><img loading=\"lazy\" decoding=\"async\" width=\"1498\" height=\"792\" src=\"https:\/\/yukatel.de\/wp-content\/uploads\/2026\/02\/b2b-shop-blog-post-thumb-1.png\" class=\"attachment-full size-full wp-image-17978\" alt=\"\" srcset=\"https:\/\/yukatel.de\/wp-content\/uploads\/2026\/02\/b2b-shop-blog-post-thumb-1.png 1498w, https:\/\/yukatel.de\/wp-content\/uploads\/2026\/02\/b2b-shop-blog-post-thumb-1-300x159.png 300w, https:\/\/yukatel.de\/wp-content\/uploads\/2026\/02\/b2b-shop-blog-post-thumb-1-1024x541.png 1024w, https:\/\/yukatel.de\/wp-content\/uploads\/2026\/02\/b2b-shop-blog-post-thumb-1-768x406.png 768w, https:\/\/yukatel.de\/wp-content\/uploads\/2026\/02\/b2b-shop-blog-post-thumb-1-18x10.png 18w\" sizes=\"(max-width: 1498px) 100vw, 1498px\" \/><\/div><\/a>\n\t\t\t\t<div class=\"elementor-post__text\">\n\t\t\t\t<h3 class=\"elementor-post__title\">\n\t\t\t<a href=\"https:\/\/yukatel.de\/fr\/b2b-shop-update-changelog\/\" >\n\t\t\t\tB2B Shop Update \u2013 Changelog\t\t\t<\/a>\n\t\t<\/h3>\n\t\t\t\t<\/div>\n\t\t\t\t<div class=\"elementor-post__meta-data\">\n\t\t\t\t\t<span class=\"elementor-post-date\">\n\t\t\t23. f\u00e9vrier 2026\t\t<\/span>\n\t\t\t\t<\/div>\n\t\t\t\t\t<\/div>\n\t\t<\/article>\n\t\t\t\t<article class=\"elementor-post elementor-grid-item post-17859 post type-post status-publish format-standard has-post-thumbnail hentry category-uncategorized\" role=\"listitem\">\n\t\t\t<div class=\"elementor-post__card\">\n\t\t\t\t<a class=\"elementor-post__thumbnail__link\" href=\"https:\/\/yukatel.de\/fr\/yukatel-gmbh-wird-als-top-distributor-in-den-kategorien-beste-lieferfaehigkeit-und-beste-einkaufspreise-ausgezeichnet\/\" tabindex=\"-1\" ><div class=\"elementor-post__thumbnail\"><img loading=\"lazy\" decoding=\"async\" width=\"719\" height=\"380\" src=\"https:\/\/yukatel.de\/wp-content\/uploads\/2025\/12\/image-2.png\" class=\"attachment-full size-full wp-image-17863\" alt=\"Auszeichnung Telecom Handel Top Distributor 2026 f\u00fcr Lieferf\u00e4higkeit und Einkaufspreise vor blauem Hintergrund.\" srcset=\"https:\/\/yukatel.de\/wp-content\/uploads\/2025\/12\/image-2.png 719w, https:\/\/yukatel.de\/wp-content\/uploads\/2025\/12\/image-2-300x159.png 300w, https:\/\/yukatel.de\/wp-content\/uploads\/2025\/12\/image-2-18x10.png 18w\" sizes=\"(max-width: 719px) 100vw, 719px\" \/><\/div><\/a>\n\t\t\t\t<div class=\"elementor-post__text\">\n\t\t\t\t<h3 class=\"elementor-post__title\">\n\t\t\t<a href=\"https:\/\/yukatel.de\/fr\/yukatel-gmbh-wird-als-top-distributor-in-den-kategorien-beste-lieferfaehigkeit-und-beste-einkaufspreise-ausgezeichnet\/\" >\n\t\t\t\tYukatel GmbH wird als Top Distributor in den Kategorien \u201eBeste Lieferf\u00e4higkeit\u201c und \u201eBeste Einkaufspreise\u201c ausgezeichnet\t\t\t<\/a>\n\t\t<\/h3>\n\t\t\t\t<\/div>\n\t\t\t\t<div class=\"elementor-post__meta-data\">\n\t\t\t\t\t<span class=\"elementor-post-date\">\n\t\t\t1. d\u00e9cembre 2025\t\t<\/span>\n\t\t\t\t<\/div>\n\t\t\t\t\t<\/div>\n\t\t<\/article>\n\t\t\t\t<article class=\"elementor-post elementor-grid-item post-15936 post type-post status-publish format-standard has-post-thumbnail hentry category-uncategorized\" role=\"listitem\">\n\t\t\t<div class=\"elementor-post__card\">\n\t\t\t\t<a class=\"elementor-post__thumbnail__link\" href=\"https:\/\/yukatel.de\/fr\/telecom-handel-leserwahl-2025\/\" tabindex=\"-1\" ><div class=\"elementor-post__thumbnail\"><img loading=\"lazy\" decoding=\"async\" width=\"719\" height=\"380\" src=\"https:\/\/yukatel.de\/wp-content\/uploads\/2025\/10\/blog_bild_720.png\" class=\"attachment-full size-full wp-image-15937\" alt=\"Auszeichnung f\u00fcr den besten Distributor des Jahres 2025 von Telecom Handel, Leserwahl des Jahres.\" srcset=\"https:\/\/yukatel.de\/wp-content\/uploads\/2025\/10\/blog_bild_720.png 719w, https:\/\/yukatel.de\/wp-content\/uploads\/2025\/10\/blog_bild_720-300x159.png 300w, https:\/\/yukatel.de\/wp-content\/uploads\/2025\/10\/blog_bild_720-18x10.png 18w\" sizes=\"(max-width: 719px) 100vw, 719px\" \/><\/div><\/a>\n\t\t\t\t<div class=\"elementor-post__text\">\n\t\t\t\t<h3 class=\"elementor-post__title\">\n\t\t\t<a href=\"https:\/\/yukatel.de\/fr\/telecom-handel-leserwahl-2025\/\" >\n\t\t\t\tTelekom Handel Leserwahl 2025 \u2013 Jetzt f\u00fcr Yukatel abstimmen!\t\t\t<\/a>\n\t\t<\/h3>\n\t\t\t\t<\/div>\n\t\t\t\t<div class=\"elementor-post__meta-data\">\n\t\t\t\t\t<span class=\"elementor-post-date\">\n\t\t\t23. octobre 2025\t\t<\/span>\n\t\t\t\t<\/div>\n\t\t\t\t\t<\/div>\n\t\t<\/article>\n\t\t\t\t<article class=\"elementor-post elementor-grid-item post-15875 post type-post status-publish format-standard has-post-thumbnail hentry category-uncategorized\" role=\"listitem\">\n\t\t\t<div class=\"elementor-post__card\">\n\t\t\t\t<a class=\"elementor-post__thumbnail__link\" href=\"https:\/\/yukatel.de\/fr\/saisonstart-2025-2026-in-der-tuerkischen-sueper-lig-yukatel-merkezefendi-denizli-basket-startet-in-neue-saison\/\" tabindex=\"-1\" ><div class=\"elementor-post__thumbnail\"><img loading=\"lazy\" decoding=\"async\" width=\"1600\" height=\"1066\" src=\"https:\/\/yukatel.de\/wp-content\/uploads\/2025\/09\/3f8fd266-5aca-4522-b5b4-3931f1e2c532.jpg\" class=\"attachment-full size-full wp-image-15872\" alt=\"Gruppe von Menschen bei einer Abendveranstaltung vor einer B\u00fchne im Freien, im Hintergrund B\u00e4ume und Scheinwerfer.\" srcset=\"https:\/\/yukatel.de\/wp-content\/uploads\/2025\/09\/3f8fd266-5aca-4522-b5b4-3931f1e2c532.jpg 1600w, https:\/\/yukatel.de\/wp-content\/uploads\/2025\/09\/3f8fd266-5aca-4522-b5b4-3931f1e2c532-300x200.jpg 300w, https:\/\/yukatel.de\/wp-content\/uploads\/2025\/09\/3f8fd266-5aca-4522-b5b4-3931f1e2c532-1024x682.jpg 1024w, https:\/\/yukatel.de\/wp-content\/uploads\/2025\/09\/3f8fd266-5aca-4522-b5b4-3931f1e2c532-768x512.jpg 768w, https:\/\/yukatel.de\/wp-content\/uploads\/2025\/09\/3f8fd266-5aca-4522-b5b4-3931f1e2c532-1536x1023.jpg 1536w, https:\/\/yukatel.de\/wp-content\/uploads\/2025\/09\/3f8fd266-5aca-4522-b5b4-3931f1e2c532-18x12.jpg 18w\" sizes=\"(max-width: 1600px) 100vw, 1600px\" \/><\/div><\/a>\n\t\t\t\t<div class=\"elementor-post__text\">\n\t\t\t\t<h3 class=\"elementor-post__title\">\n\t\t\t<a href=\"https:\/\/yukatel.de\/fr\/saisonstart-2025-2026-in-der-tuerkischen-sueper-lig-yukatel-merkezefendi-denizli-basket-startet-in-neue-saison\/\" >\n\t\t\t\tSaisonstart 2025\/2026 in der t\u00fcrkischen S\u00fcper Lig \u2013 Yukatel Merkezefendi Denizli Basket startet in neue Saison\t\t\t<\/a>\n\t\t<\/h3>\n\t\t\t\t<\/div>\n\t\t\t\t<div class=\"elementor-post__meta-data\">\n\t\t\t\t\t<span class=\"elementor-post-date\">\n\t\t\t25. septembre 2025\t\t<\/span>\n\t\t\t\t<\/div>\n\t\t\t\t\t<\/div>\n\t\t<\/article>\n\t\t\t\t<article class=\"elementor-post elementor-grid-item post-15835 post type-post status-publish format-standard has-post-thumbnail hentry category-uncategorized\" role=\"listitem\">\n\t\t\t<div class=\"elementor-post__card\">\n\t\t\t\t<a class=\"elementor-post__thumbnail__link\" href=\"https:\/\/yukatel.de\/fr\/apple-awe-dropping-event-2025-im-rueckblick-alle-neuheiten-auf-einen-blick\/\" tabindex=\"-1\" ><div class=\"elementor-post__thumbnail\"><img loading=\"lazy\" decoding=\"async\" width=\"1024\" height=\"538\" src=\"https:\/\/yukatel.de\/wp-content\/uploads\/2025\/09\/apple_event_sep_2024.png\" class=\"attachment-full size-full wp-image-15859\" alt=\"Blaues Apple-Logo mit Apple Event 2025 Schriftzug auf dunklem Hintergrund.\" srcset=\"https:\/\/yukatel.de\/wp-content\/uploads\/2025\/09\/apple_event_sep_2024.png 1024w, https:\/\/yukatel.de\/wp-content\/uploads\/2025\/09\/apple_event_sep_2024-300x158.png 300w, https:\/\/yukatel.de\/wp-content\/uploads\/2025\/09\/apple_event_sep_2024-768x404.png 768w, https:\/\/yukatel.de\/wp-content\/uploads\/2025\/09\/apple_event_sep_2024-18x9.png 18w\" sizes=\"(max-width: 1024px) 100vw, 1024px\" \/><\/div><\/a>\n\t\t\t\t<div class=\"elementor-post__text\">\n\t\t\t\t<h3 class=\"elementor-post__title\">\n\t\t\t<a href=\"https:\/\/yukatel.de\/fr\/apple-awe-dropping-event-2025-im-rueckblick-alle-neuheiten-auf-einen-blick\/\" >\n\t\t\t\tApple \u201eAwe Dropping\u201c Event 2025 im R\u00fcckblick: Alle Neuheiten auf einen Blick\t\t\t<\/a>\n\t\t<\/h3>\n\t\t\t\t<\/div>\n\t\t\t\t<div class=\"elementor-post__meta-data\">\n\t\t\t\t\t<span class=\"elementor-post-date\">\n\t\t\t10. septembre 2025\t\t<\/span>\n\t\t\t\t<\/div>\n\t\t\t\t\t<\/div>\n\t\t<\/article>\n\t\t\t\t<article class=\"elementor-post elementor-grid-item post-15850 post type-post status-publish format-standard has-post-thumbnail hentry category-uncategorized\" role=\"listitem\">\n\t\t\t<div class=\"elementor-post__card\">\n\t\t\t\t<a class=\"elementor-post__thumbnail__link\" href=\"https:\/\/yukatel.de\/fr\/ifa-2025-yukatel-begeistert-mit-innovativen-stand-prominenten-gaesten-und-spektakulaerem-mclaren-dtm-rennwagen\/\" tabindex=\"-1\" ><div class=\"elementor-post__thumbnail\"><img loading=\"lazy\" decoding=\"async\" width=\"2560\" height=\"1345\" src=\"https:\/\/yukatel.de\/wp-content\/uploads\/2025\/09\/Unbenannt-1-1-scaled.png\" class=\"attachment-full size-full wp-image-15851\" alt=\"Gruppe von Menschen auf der Yukatel-Messe, 30-j\u00e4hriges Jubil\u00e4um, im Hintergrund Rennwagen und Banner.\" srcset=\"https:\/\/yukatel.de\/wp-content\/uploads\/2025\/09\/Unbenannt-1-1-scaled.png 2560w, https:\/\/yukatel.de\/wp-content\/uploads\/2025\/09\/Unbenannt-1-1-300x158.png 300w, https:\/\/yukatel.de\/wp-content\/uploads\/2025\/09\/Unbenannt-1-1-1024x538.png 1024w, https:\/\/yukatel.de\/wp-content\/uploads\/2025\/09\/Unbenannt-1-1-768x404.png 768w, https:\/\/yukatel.de\/wp-content\/uploads\/2025\/09\/Unbenannt-1-1-1536x807.png 1536w, https:\/\/yukatel.de\/wp-content\/uploads\/2025\/09\/Unbenannt-1-1-2048x1076.png 2048w, https:\/\/yukatel.de\/wp-content\/uploads\/2025\/09\/Unbenannt-1-1-18x9.png 18w\" sizes=\"(max-width: 2560px) 100vw, 2560px\" \/><\/div><\/a>\n\t\t\t\t<div class=\"elementor-post__text\">\n\t\t\t\t<h3 class=\"elementor-post__title\">\n\t\t\t<a href=\"https:\/\/yukatel.de\/fr\/ifa-2025-yukatel-begeistert-mit-innovativen-stand-prominenten-gaesten-und-spektakulaerem-mclaren-dtm-rennwagen\/\" >\n\t\t\t\tIFA 2025: Yukatel begeistert mit innovativen Stand, prominenten G\u00e4sten und spektakul\u00e4rem McLaren DTM-Rennwagen\t\t\t<\/a>\n\t\t<\/h3>\n\t\t\t\t<\/div>\n\t\t\t\t<div class=\"elementor-post__meta-data\">\n\t\t\t\t\t<span class=\"elementor-post-date\">\n\t\t\t10. septembre 2025\t\t<\/span>\n\t\t\t\t<\/div>\n\t\t\t\t\t<\/div>\n\t\t<\/article>\n\t\t\t\t<article class=\"elementor-post elementor-grid-item post-15665 post type-post status-publish format-standard has-post-thumbnail hentry category-uncategorized tag-dtm tag-lausitzring tag-yukatel\" role=\"listitem\">\n\t\t\t<div class=\"elementor-post__card\">\n\t\t\t\t<a class=\"elementor-post__thumbnail__link\" href=\"https:\/\/yukatel.de\/fr\/yukatel-live-bei-der-dtm-am-lausitzring\/\" tabindex=\"-1\" ><div class=\"elementor-post__thumbnail\"><img loading=\"lazy\" decoding=\"async\" width=\"1024\" height=\"541\" src=\"https:\/\/yukatel.de\/wp-content\/uploads\/2025\/05\/blogpost-2.jpg\" class=\"attachment-full size-full wp-image-15690\" alt=\"Rennwagen auf dem Lausitzring mit Wochenend-Zeitplan f\u00fcr Trainings und Rennen, einschlie\u00dflich FP1, FP2, Q1, Q2, Rennen 1 und 2.\" srcset=\"https:\/\/yukatel.de\/wp-content\/uploads\/2025\/05\/blogpost-2.jpg 1024w, https:\/\/yukatel.de\/wp-content\/uploads\/2025\/05\/blogpost-2-300x158.jpg 300w, https:\/\/yukatel.de\/wp-content\/uploads\/2025\/05\/blogpost-2-768x406.jpg 768w, https:\/\/yukatel.de\/wp-content\/uploads\/2025\/05\/blogpost-2-18x10.jpg 18w\" sizes=\"(max-width: 1024px) 100vw, 1024px\" \/><\/div><\/a>\n\t\t\t\t<div class=\"elementor-post__text\">\n\t\t\t\t<h3 class=\"elementor-post__title\">\n\t\t\t<a href=\"https:\/\/yukatel.de\/fr\/yukatel-live-bei-der-dtm-am-lausitzring\/\" >\n\t\t\t\tYukatel live bei der DTM am Lausitzring\t\t\t<\/a>\n\t\t<\/h3>\n\t\t\t\t<\/div>\n\t\t\t\t<div class=\"elementor-post__meta-data\">\n\t\t\t\t\t<span class=\"elementor-post-date\">\n\t\t\t22. mai 2025\t\t<\/span>\n\t\t\t\t<\/div>\n\t\t\t\t\t<\/div>\n\t\t<\/article>\n\t\t\t\t<article class=\"elementor-post elementor-grid-item post-15592 post type-post status-publish format-standard has-post-thumbnail hentry category-uncategorized tag-kadir-akyildiz tag-pamukkale-deaf-sports-club tag-pssk tag-soziale-projekte tag-tuerkische-meisterschaft tag-yukatel\" role=\"listitem\">\n\t\t\t<div class=\"elementor-post__card\">\n\t\t\t\t<a class=\"elementor-post__thumbnail__link\" href=\"https:\/\/yukatel.de\/fr\/yukatel-feiert-meistertitel-des-pamukkale-deaf-sports-club-pssk-ein-starkes-zeichen-fuer-inklusion-und-sportfoerderung\/\" tabindex=\"-1\" ><div class=\"elementor-post__thumbnail\"><img loading=\"lazy\" decoding=\"async\" width=\"1024\" height=\"541\" src=\"https:\/\/yukatel.de\/wp-content\/uploads\/2025\/04\/thumbnail_yukatel_pssk.jpg\" class=\"attachment-full size-full wp-image-15597\" alt=\"Zwei Volleyball-Mannschaften in einer Halle, die stolz ihre Medaillen pr\u00e4sentieren und feiern.\" srcset=\"https:\/\/yukatel.de\/wp-content\/uploads\/2025\/04\/thumbnail_yukatel_pssk.jpg 1024w, https:\/\/yukatel.de\/wp-content\/uploads\/2025\/04\/thumbnail_yukatel_pssk-300x158.jpg 300w, https:\/\/yukatel.de\/wp-content\/uploads\/2025\/04\/thumbnail_yukatel_pssk-768x406.jpg 768w\" sizes=\"(max-width: 1024px) 100vw, 1024px\" \/><\/div><\/a>\n\t\t\t\t<div class=\"elementor-post__text\">\n\t\t\t\t<h3 class=\"elementor-post__title\">\n\t\t\t<a href=\"https:\/\/yukatel.de\/fr\/yukatel-feiert-meistertitel-des-pamukkale-deaf-sports-club-pssk-ein-starkes-zeichen-fuer-inklusion-und-sportfoerderung\/\" >\n\t\t\t\tYukatel feiert Meistertitel des Yukatel PSSK (Pamukkale Sa\u011f\u0131rlar Spor Kul\u00fcb\u00fc) \u2013 ein starkes Zeichen f\u00fcr Inklusion und Sportf\u00f6rderung\t\t\t<\/a>\n\t\t<\/h3>\n\t\t\t\t<\/div>\n\t\t\t\t<div class=\"elementor-post__meta-data\">\n\t\t\t\t\t<span class=\"elementor-post-date\">\n\t\t\t29. avril 2025\t\t<\/span>\n\t\t\t\t<\/div>\n\t\t\t\t\t<\/div>\n\t\t<\/article>\n\t\t\t\t<article class=\"elementor-post elementor-grid-item post-15421 post type-post status-publish format-standard has-post-thumbnail hentry category-uncategorized tag-720s tag-deutsche-touren-masters tag-doerr tag-dtm tag-evo tag-mclaren tag-motorsport tag-racing tag-yukatel\" role=\"listitem\">\n\t\t\t<div class=\"elementor-post__card\">\n\t\t\t\t<a class=\"elementor-post__thumbnail__link\" href=\"https:\/\/yukatel.de\/fr\/yukatel-sponsoring-dtm\/\" tabindex=\"-1\" ><div class=\"elementor-post__thumbnail\"><img loading=\"lazy\" decoding=\"async\" width=\"1024\" height=\"541\" src=\"https:\/\/yukatel.de\/wp-content\/uploads\/2025\/03\/thumbnail_yukatel_dtm.jpg\" class=\"attachment-full size-full wp-image-15443\" alt=\"Rennwagen auf Rennstrecke mit Driven by Innovation Text, Yokatel und DTM Logos, gebirgige Landschaft im Hintergrund.\" srcset=\"https:\/\/yukatel.de\/wp-content\/uploads\/2025\/03\/thumbnail_yukatel_dtm.jpg 1024w, https:\/\/yukatel.de\/wp-content\/uploads\/2025\/03\/thumbnail_yukatel_dtm-300x158.jpg 300w, https:\/\/yukatel.de\/wp-content\/uploads\/2025\/03\/thumbnail_yukatel_dtm-768x406.jpg 768w\" sizes=\"(max-width: 1024px) 100vw, 1024px\" \/><\/div><\/a>\n\t\t\t\t<div class=\"elementor-post__text\">\n\t\t\t\t<h3 class=\"elementor-post__title\">\n\t\t\t<a href=\"https:\/\/yukatel.de\/fr\/yukatel-sponsoring-dtm\/\" >\n\t\t\t\tWir steigen als Hauptsponsor in die DTM ein: Ambitioniertes Engagement im Motorsport\t\t\t<\/a>\n\t\t<\/h3>\n\t\t\t\t<\/div>\n\t\t\t\t<div class=\"elementor-post__meta-data\">\n\t\t\t\t\t<span class=\"elementor-post-date\">\n\t\t\t31. mars 2025\t\t<\/span>\n\t\t\t\t<\/div>\n\t\t\t\t\t<\/div>\n\t\t<\/article>\n\t\t\t\t<\/div>\n\t\t\n\t\t\t\t<div class=\"e-load-more-anchor\" data-page=\"1\" data-max-page=\"4\" data-next-page=\"https:\/\/yukatel.de\/fr\/wp-json\/wp\/v2\/pages\/15911\/page\/2\/\"><\/div>\n\t\t\t\t<nav class=\"elementor-pagination\" aria-label=\"Pagination\">\n\t\t\t<span class=\"page-numbers prev\">&laquo; Voriger<\/span>\n<span aria-current=\"page\" class=\"page-numbers current\"><span class=\"elementor-screen-only\">Page<\/span>1<\/span>\n<a class=\"page-numbers\" href=\"https:\/\/yukatel.de\/fr\/wp-json\/wp\/v2\/pages\/15911\/page\/2\/\"><span class=\"elementor-screen-only\">Page<\/span>2<\/a>\n<a class=\"page-numbers\" href=\"https:\/\/yukatel.de\/fr\/wp-json\/wp\/v2\/pages\/15911\/page\/3\/\"><span class=\"elementor-screen-only\">Page<\/span>3<\/a>\n<a class=\"page-numbers\" href=\"https:\/\/yukatel.de\/fr\/wp-json\/wp\/v2\/pages\/15911\/page\/4\/\"><span class=\"elementor-screen-only\">Page<\/span>4<\/a>\n<a class=\"page-numbers next\" href=\"https:\/\/yukatel.de\/fr\/wp-json\/wp\/v2\/pages\/15911\/page\/2\/\">N\u00e4chster &raquo;<\/a>\t\t<\/nav>\n\t\t\t\t\t\t<\/div>\n\t\t\t\t<\/div>\n\t\t\t\t\t<\/div>\n\t\t\t\t<\/div>\n\t\t\t\t<\/div>","protected":false},"excerpt":{"rendered":"<p>blog &amp; News yukalife Bleiben Sie auf dem Laufenden mit Neuigkeiten von Yukatel &#8211; und aus der Tech-Welt<\/p>","protected":false},"author":2,"featured_media":0,"parent":0,"menu_order":0,"comment_status":"closed","ping_status":"closed","template":"elementor_header_footer","meta":{"_monsterinsights_skip_tracking":false,"_monsterinsights_sitenote_active":false,"_monsterinsights_sitenote_note":"","_monsterinsights_sitenote_category":0,"footnotes":""},"class_list":["post-15911","page","type-page","status-publish","hentry"],"_links":{"self":[{"href":"https:\/\/yukatel.de\/fr\/wp-json\/wp\/v2\/pages\/15911","targetHints":{"allow":["GET"]}}],"collection":[{"href":"https:\/\/yukatel.de\/fr\/wp-json\/wp\/v2\/pages"}],"about":[{"href":"https:\/\/yukatel.de\/fr\/wp-json\/wp\/v2\/types\/page"}],"author":[{"embeddable":true,"href":"https:\/\/yukatel.de\/fr\/wp-json\/wp\/v2\/users\/2"}],"replies":[{"embeddable":true,"href":"https:\/\/yukatel.de\/fr\/wp-json\/wp\/v2\/comments?post=15911"}],"version-history":[{"count":1,"href":"https:\/\/yukatel.de\/fr\/wp-json\/wp\/v2\/pages\/15911\/revisions"}],"predecessor-version":[{"id":18224,"href":"https:\/\/yukatel.de\/fr\/wp-json\/wp\/v2\/pages\/15911\/revisions\/18224"}],"wp:attachment":[{"href":"https:\/\/yukatel.de\/fr\/wp-json\/wp\/v2\/media?parent=15911"}],"curies":[{"name":"wp","href":"https:\/\/api.w.org\/{rel}","templated":true}]}}