{"id":15873,"date":"2025-09-09T10:13:37","date_gmt":"2025-09-09T08:13:37","guid":{"rendered":"https:\/\/yknew.yukatel.de\/?page_id=15873"},"modified":"2025-11-13T16:53:41","modified_gmt":"2025-11-13T15:53:41","slug":"sponsoring","status":"publish","type":"page","link":"https:\/\/yukatel.de\/hu\/sponsoring\/","title":{"rendered":"Szponzor\u00e1l\u00e1s"},"content":{"rendered":"<div data-elementor-type=\"wp-page\" data-elementor-id=\"15873\" class=\"elementor elementor-15873\" data-elementor-post-type=\"page\">\n\t\t\t\t<div class=\"elementor-element elementor-element-6e0cd5f e-flex e-con-boxed e-con e-parent\" data-id=\"6e0cd5f\" data-element_type=\"container\" data-e-type=\"container\" data-settings=\"{&quot;background_background&quot;:&quot;classic&quot;}\">\n\t\t\t\t\t<div class=\"e-con-inner\">\n\t\t\t\t<div class=\"elementor-element elementor-element-29bef1e elementor-widget elementor-widget-heading\" data-id=\"29bef1e\" data-element_type=\"widget\" data-e-type=\"widget\" data-widget_type=\"heading.default\">\n\t\t\t\t\t<h2 class=\"elementor-heading-title elementor-size-default\">Az els\u0151 oszt\u00e1lyban j\u00e1tszunk<\/h2>\t\t\t\t<\/div>\n\t\t\t\t<div class=\"elementor-element elementor-element-49325de elementor-widget elementor-widget-heading\" data-id=\"49325de\" data-element_type=\"widget\" data-e-type=\"widget\" data-widget_type=\"heading.default\">\n\t\t\t\t\t<h2 class=\"elementor-heading-title elementor-size-default\">Szponzor\u00e1l\u00e1s<\/h2>\t\t\t\t<\/div>\n\t\t\t\t<div class=\"elementor-element elementor-element-7faba8b elementor-widget elementor-widget-image\" data-id=\"7faba8b\" data-element_type=\"widget\" data-e-type=\"widget\" data-widget_type=\"image.default\">\n\t\t\t\t\t\t\t\t\t\t\t\t\t\t\t<img fetchpriority=\"high\" decoding=\"async\" width=\"1920\" height=\"1080\" src=\"https:\/\/yukatel.de\/wp-content\/uploads\/2025\/09\/sponsoring-webpage.png\" class=\"attachment-full size-full wp-image-16144\" alt=\"Basketballspieler, Rennfahrer und Fu\u00dfballspieler mit Yuka-Logo und DTM-Auto vor schwarzem Hintergrund.\" srcset=\"https:\/\/yukatel.de\/wp-content\/uploads\/2025\/09\/sponsoring-webpage.png 1920w, https:\/\/yukatel.de\/wp-content\/uploads\/2025\/09\/sponsoring-webpage-300x169.png 300w, https:\/\/yukatel.de\/wp-content\/uploads\/2025\/09\/sponsoring-webpage-1024x576.png 1024w, https:\/\/yukatel.de\/wp-content\/uploads\/2025\/09\/sponsoring-webpage-768x432.png 768w, https:\/\/yukatel.de\/wp-content\/uploads\/2025\/09\/sponsoring-webpage-1536x864.png 1536w\" sizes=\"(max-width: 1920px) 100vw, 1920px\" \/>\t\t\t\t\t\t\t\t\t\t\t\t\t\t\t<\/div>\n\t\t<div class=\"elementor-element elementor-element-153dcb7 e-con-full elementor-hidden-mobile e-flex e-con e-child\" data-id=\"153dcb7\" data-element_type=\"container\" data-e-type=\"container\" data-settings=\"{&quot;background_background&quot;:&quot;classic&quot;}\">\n\t\t<div class=\"elementor-element elementor-element-6017ea8 e-grid e-con-full e-con e-child\" data-id=\"6017ea8\" data-element_type=\"container\" data-e-type=\"container\">\n\t\t\t\t<div class=\"elementor-element elementor-element-01007fd elementor-widget elementor-widget-image\" data-id=\"01007fd\" data-element_type=\"widget\" data-e-type=\"widget\" data-widget_type=\"image.default\">\n\t\t\t\t\t\t\t\t\t\t\t\t\t\t\t<img decoding=\"async\" width=\"300\" height=\"300\" src=\"https:\/\/yukatel.de\/wp-content\/uploads\/2025\/09\/yukatel_doerr-r3o9fk8asd9wgjf3bc2c9cxnmctqj3iym1jhlkdtiw.webp\" class=\"attachment-full size-full wp-image-16151\" alt=\"Logos von Yukatel und Demir\u00f6ren Holding, symbolisierend Gesch\u00e4ft und Technologie.\" srcset=\"https:\/\/yukatel.de\/wp-content\/uploads\/2025\/09\/yukatel_doerr-r3o9fk8asd9wgjf3bc2c9cxnmctqj3iym1jhlkdtiw.webp 300w, https:\/\/yukatel.de\/wp-content\/uploads\/2025\/09\/yukatel_doerr-r3o9fk8asd9wgjf3bc2c9cxnmctqj3iym1jhlkdtiw-150x150.webp 150w\" sizes=\"(max-width: 300px) 100vw, 300px\" \/>\t\t\t\t\t\t\t\t\t\t\t\t\t\t\t<\/div>\n\t\t\t\t<div class=\"elementor-element elementor-element-37b21c9 elementor-widget elementor-widget-image\" data-id=\"37b21c9\" data-element_type=\"widget\" data-e-type=\"widget\" data-widget_type=\"image.default\">\n\t\t\t\t\t\t\t\t\t\t\t\t\t\t\t<img decoding=\"async\" width=\"1080\" height=\"1080\" src=\"https:\/\/yukatel.de\/wp-content\/uploads\/2025\/09\/merkezefendi_logo-1.webp\" class=\"attachment-full size-full wp-image-16150\" alt=\"Wappen des Merkezefendi Belediye G.S.K. mit YukaTel-Logo, gegr\u00fcndet 2018.\" srcset=\"https:\/\/yukatel.de\/wp-content\/uploads\/2025\/09\/merkezefendi_logo-1.webp 1080w, https:\/\/yukatel.de\/wp-content\/uploads\/2025\/09\/merkezefendi_logo-1-300x300.webp 300w, https:\/\/yukatel.de\/wp-content\/uploads\/2025\/09\/merkezefendi_logo-1-1024x1024.webp 1024w, https:\/\/yukatel.de\/wp-content\/uploads\/2025\/09\/merkezefendi_logo-1-150x150.webp 150w, https:\/\/yukatel.de\/wp-content\/uploads\/2025\/09\/merkezefendi_logo-1-768x768.webp 768w\" sizes=\"(max-width: 1080px) 100vw, 1080px\" \/>\t\t\t\t\t\t\t\t\t\t\t\t\t\t\t<\/div>\n\t\t\t\t<div class=\"elementor-element elementor-element-dc40da6 elementor-widget elementor-widget-image\" data-id=\"dc40da6\" data-element_type=\"widget\" data-e-type=\"widget\" data-widget_type=\"image.default\">\n\t\t\t\t\t\t\t\t\t\t\t\t\t\t\t<img loading=\"lazy\" decoding=\"async\" width=\"252\" height=\"272\" src=\"https:\/\/yukatel.de\/wp-content\/uploads\/2025\/09\/Adana-Demirspor-2023_24.png\" class=\"attachment-full size-full wp-image-16145\" alt=\"Logo von Adana Demirspor mit Yukatel-Sponsoring, enth\u00e4lt Vereinsname und Emblemfl\u00fcgel, gegr\u00fcndet 1940.\" \/>\t\t\t\t\t\t\t\t\t\t\t\t\t\t\t<\/div>\n\t\t\t\t<div class=\"elementor-element elementor-element-da72789 elementor-widget elementor-widget-image\" data-id=\"da72789\" data-element_type=\"widget\" data-e-type=\"widget\" data-widget_type=\"image.default\">\n\t\t\t\t\t\t\t\t\t\t\t\t\t\t\t<img loading=\"lazy\" decoding=\"async\" width=\"768\" height=\"958\" src=\"https:\/\/yukatel.de\/wp-content\/uploads\/2025\/09\/Kayerispor.webp\" class=\"attachment-full size-full wp-image-16149\" alt=\"Wappen von Yukatel Kayserispor mit Berg im Hintergrund und Gr\u00fcndungsjahr 1966, gesponsert von YukaTel.\" srcset=\"https:\/\/yukatel.de\/wp-content\/uploads\/2025\/09\/Kayerispor.webp 768w, https:\/\/yukatel.de\/wp-content\/uploads\/2025\/09\/Kayerispor-241x300.webp 241w\" sizes=\"(max-width: 768px) 100vw, 768px\" \/>\t\t\t\t\t\t\t\t\t\t\t\t\t\t\t<\/div>\n\t\t\t\t<div class=\"elementor-element elementor-element-30e11e1 elementor-widget elementor-widget-image\" data-id=\"30e11e1\" data-element_type=\"widget\" data-e-type=\"widget\" data-widget_type=\"image.default\">\n\t\t\t\t\t\t\t\t\t\t\t\t\t\t\t<img loading=\"lazy\" decoding=\"async\" width=\"700\" height=\"700\" src=\"https:\/\/yukatel.de\/wp-content\/uploads\/2025\/09\/yukatel_denizlispor.webp\" class=\"attachment-full size-full wp-image-16148\" alt=\"Logo von Yukatel Denizlispor mit gr\u00fcn-schwarzem Wappen und wei\u00dfem Hahn, gegr\u00fcndet 1966.\" srcset=\"https:\/\/yukatel.de\/wp-content\/uploads\/2025\/09\/yukatel_denizlispor.webp 700w, https:\/\/yukatel.de\/wp-content\/uploads\/2025\/09\/yukatel_denizlispor-300x300.webp 300w, https:\/\/yukatel.de\/wp-content\/uploads\/2025\/09\/yukatel_denizlispor-150x150.webp 150w\" sizes=\"(max-width: 700px) 100vw, 700px\" \/>\t\t\t\t\t\t\t\t\t\t\t\t\t\t\t<\/div>\n\t\t\t\t<div class=\"elementor-element elementor-element-47b6e72 elementor-widget elementor-widget-image\" data-id=\"47b6e72\" data-element_type=\"widget\" data-e-type=\"widget\" data-widget_type=\"image.default\">\n\t\t\t\t\t\t\t\t\t\t\t\t\t\t\t<img loading=\"lazy\" decoding=\"async\" width=\"1600\" height=\"1600\" src=\"https:\/\/yukatel.de\/wp-content\/uploads\/2025\/09\/Fortuna-Duesseldorf-2018_19.webp\" class=\"attachment-full size-full wp-image-16146\" alt=\"Rot-wei\u00dfes Logo mit gro\u00dfem F und der Zahl 95 in der Mitte.\" srcset=\"https:\/\/yukatel.de\/wp-content\/uploads\/2025\/09\/Fortuna-Duesseldorf-2018_19.webp 1600w, https:\/\/yukatel.de\/wp-content\/uploads\/2025\/09\/Fortuna-Duesseldorf-2018_19-300x300.webp 300w, https:\/\/yukatel.de\/wp-content\/uploads\/2025\/09\/Fortuna-Duesseldorf-2018_19-1024x1024.webp 1024w, https:\/\/yukatel.de\/wp-content\/uploads\/2025\/09\/Fortuna-Duesseldorf-2018_19-150x150.webp 150w, https:\/\/yukatel.de\/wp-content\/uploads\/2025\/09\/Fortuna-Duesseldorf-2018_19-768x768.webp 768w, https:\/\/yukatel.de\/wp-content\/uploads\/2025\/09\/Fortuna-Duesseldorf-2018_19-1536x1536.webp 1536w\" sizes=\"(max-width: 1600px) 100vw, 1600px\" \/>\t\t\t\t\t\t\t\t\t\t\t\t\t\t\t<\/div>\n\t\t\t\t<div class=\"elementor-element elementor-element-0ee29e8 elementor-widget elementor-widget-image\" data-id=\"0ee29e8\" data-element_type=\"widget\" data-e-type=\"widget\" data-widget_type=\"image.default\">\n\t\t\t\t\t\t\t\t\t\t\t\t\t\t\t<img loading=\"lazy\" decoding=\"async\" width=\"480\" height=\"480\" src=\"https:\/\/yukatel.de\/wp-content\/uploads\/2025\/09\/Eintracht-Frankfurt-2017_18.webp\" class=\"attachment-full size-full wp-image-16147\" alt=\"Logo von Eintracht Frankfurt: Roter Adler auf wei\u00dfem Hintergrund, Fu\u00dfballverein in Deutschland.\" srcset=\"https:\/\/yukatel.de\/wp-content\/uploads\/2025\/09\/Eintracht-Frankfurt-2017_18.webp 480w, https:\/\/yukatel.de\/wp-content\/uploads\/2025\/09\/Eintracht-Frankfurt-2017_18-300x300.webp 300w, https:\/\/yukatel.de\/wp-content\/uploads\/2025\/09\/Eintracht-Frankfurt-2017_18-150x150.webp 150w\" sizes=\"(max-width: 480px) 100vw, 480px\" \/>\t\t\t\t\t\t\t\t\t\t\t\t\t\t\t<\/div>\n\t\t\t\t<\/div>\n\t\t\t\t<\/div>\n\t\t\t\t\t<\/div>\n\t\t\t\t<\/div>\n\t\t<div class=\"elementor-element elementor-element-289f994 e-flex e-con-boxed e-con e-parent\" data-id=\"289f994\" data-element_type=\"container\" data-e-type=\"container\">\n\t\t\t\t\t<div class=\"e-con-inner\">\n\t\t\t\t<div class=\"elementor-element elementor-element-8869916 elementor-widget elementor-widget-heading\" data-id=\"8869916\" data-element_type=\"widget\" data-e-type=\"widget\" data-widget_type=\"heading.default\">\n\t\t\t\t\t<h2 class=\"elementor-heading-title elementor-size-default\">Szenved\u00e9lyt t\u00e1mogatunk<\/h2>\t\t\t\t<\/div>\n\t\t\t\t<div class=\"elementor-element elementor-element-8d3e335 elementor-widget elementor-widget-text-editor\" data-id=\"8d3e335\" data-element_type=\"widget\" data-e-type=\"widget\" data-widget_type=\"text-editor.default\">\n\t\t\t\t\t\t\t\t\t<p>A Yukatel \u00e9vek \u00f3ta akt\u00edvan r\u00e9szt vesz a sport szponzor\u00e1l\u00e1s\u00e1ban, \u00e9s k\u00fcl\u00f6nb\u00f6z\u0151 projekteket \u00e9s csapatokat t\u00e1mogat. Ezzel a tev\u00e9kenys\u00e9ggel a c\u00e9g a technol\u00f3giai innov\u00e1ci\u00f3t csapatszellemmel, szenved\u00e9llyel \u00e9s teljes\u00edtm\u00e9nnyel \u00f6tv\u00f6zi.<\/p>\t\t\t\t\t\t\t\t<\/div>\n\t\t<div class=\"elementor-element elementor-element-3b859ef e-con-full e-flex e-con e-child\" data-id=\"3b859ef\" data-element_type=\"container\" data-e-type=\"container\">\n\t\t<div class=\"elementor-element elementor-element-edd9df2 e-flex e-con-boxed e-con e-child\" data-id=\"edd9df2\" data-element_type=\"container\" data-e-type=\"container\" data-settings=\"{&quot;background_background&quot;:&quot;classic&quot;}\">\n\t\t\t\t\t<div class=\"e-con-inner\">\n\t\t<div class=\"elementor-element elementor-element-deeb1d9 e-con-full e-flex e-con e-child\" data-id=\"deeb1d9\" data-element_type=\"container\" data-e-type=\"container\">\n\t\t\t\t<div class=\"elementor-element elementor-element-6dd7ea3 elementor-widget elementor-widget-image\" data-id=\"6dd7ea3\" data-element_type=\"widget\" data-e-type=\"widget\" data-widget_type=\"image.default\">\n\t\t\t\t\t\t\t\t\t\t\t\t\t\t\t<img loading=\"lazy\" decoding=\"async\" width=\"300\" height=\"300\" src=\"https:\/\/yukatel.de\/wp-content\/uploads\/2025\/09\/yukatel_doerr-r3o9fk8asd9wgjf3bc2c9cxnmctqj3iym1jhlkdtiw.webp\" class=\"attachment-large size-large wp-image-16151\" alt=\"Logos von Yukatel und Demir\u00f6ren Holding, symbolisierend Gesch\u00e4ft und Technologie.\" srcset=\"https:\/\/yukatel.de\/wp-content\/uploads\/2025\/09\/yukatel_doerr-r3o9fk8asd9wgjf3bc2c9cxnmctqj3iym1jhlkdtiw.webp 300w, https:\/\/yukatel.de\/wp-content\/uploads\/2025\/09\/yukatel_doerr-r3o9fk8asd9wgjf3bc2c9cxnmctqj3iym1jhlkdtiw-150x150.webp 150w\" sizes=\"(max-width: 300px) 100vw, 300px\" \/>\t\t\t\t\t\t\t\t\t\t\t\t\t\t\t<\/div>\n\t\t\t\t<\/div>\n\t\t<div class=\"elementor-element elementor-element-cc7dcce e-con-full e-flex e-con e-child\" data-id=\"cc7dcce\" data-element_type=\"container\" data-e-type=\"container\">\n\t\t\t\t<div class=\"elementor-element elementor-element-e4960c7 elementor-widget elementor-widget-heading\" data-id=\"e4960c7\" data-element_type=\"widget\" data-e-type=\"widget\" data-widget_type=\"heading.default\">\n\t\t\t\t\t<h2 class=\"elementor-heading-title elementor-size-default\">2025 \u00f3ta<\/h2>\t\t\t\t<\/div>\n\t\t\t\t<div class=\"elementor-element elementor-element-c4d6aae elementor-widget elementor-widget-heading\" data-id=\"c4d6aae\" data-element_type=\"widget\" data-e-type=\"widget\" data-widget_type=\"heading.default\">\n\t\t\t\t\t<h2 class=\"elementor-heading-title elementor-size-default\">D\u00f6rr Motorsport<\/h2>\t\t\t\t<\/div>\n\t\t\t\t<div class=\"elementor-element elementor-element-7de7da1 elementor-widget elementor-widget-text-editor\" data-id=\"7de7da1\" data-element_type=\"widget\" data-e-type=\"widget\" data-widget_type=\"text-editor.default\">\n\t\t\t\t\t\t\t\t\t<p>A Yukatel a D\u00f6rr Motorsport f\u0151szponzora a 2025-\u00f6s DTM szezonban, egy\u00fcttm\u0171k\u00f6dve a kor\u00e1bbi Forma-1-es pil\u00f3t\u00e1val, Timo Glockkal.<\/p>\t\t\t\t\t\t\t\t<\/div>\n\t\t\t\t<\/div>\n\t\t\t\t\t<\/div>\n\t\t\t\t<\/div>\n\t\t<div class=\"elementor-element elementor-element-9a195a6 e-con-full e-flex e-con e-child\" data-id=\"9a195a6\" data-element_type=\"container\" data-e-type=\"container\" data-settings=\"{&quot;background_background&quot;:&quot;classic&quot;}\">\n\t\t<div class=\"elementor-element elementor-element-6ffb173 e-con-full e-flex e-con e-child\" data-id=\"6ffb173\" data-element_type=\"container\" data-e-type=\"container\">\n\t\t\t\t<div class=\"elementor-element elementor-element-0139f9b elementor-widget elementor-widget-image\" data-id=\"0139f9b\" data-element_type=\"widget\" data-e-type=\"widget\" data-widget_type=\"image.default\">\n\t\t\t\t\t\t\t\t\t\t\t\t\t\t\t<img loading=\"lazy\" decoding=\"async\" width=\"800\" height=\"800\" src=\"https:\/\/yukatel.de\/wp-content\/uploads\/2025\/09\/merkezefendi_logo-1-1024x1024.webp\" class=\"attachment-large size-large wp-image-16150\" alt=\"Wappen des Merkezefendi Belediye G.S.K. mit YukaTel-Logo, gegr\u00fcndet 2018.\" srcset=\"https:\/\/yukatel.de\/wp-content\/uploads\/2025\/09\/merkezefendi_logo-1-1024x1024.webp 1024w, https:\/\/yukatel.de\/wp-content\/uploads\/2025\/09\/merkezefendi_logo-1-300x300.webp 300w, https:\/\/yukatel.de\/wp-content\/uploads\/2025\/09\/merkezefendi_logo-1-150x150.webp 150w, https:\/\/yukatel.de\/wp-content\/uploads\/2025\/09\/merkezefendi_logo-1-768x768.webp 768w, https:\/\/yukatel.de\/wp-content\/uploads\/2025\/09\/merkezefendi_logo-1.webp 1080w\" sizes=\"(max-width: 800px) 100vw, 800px\" \/>\t\t\t\t\t\t\t\t\t\t\t\t\t\t\t<\/div>\n\t\t\t\t<\/div>\n\t\t<div class=\"elementor-element elementor-element-f2e5b6f e-con-full e-flex e-con e-child\" data-id=\"f2e5b6f\" data-element_type=\"container\" data-e-type=\"container\">\n\t\t\t\t<div class=\"elementor-element elementor-element-0ed944d elementor-widget elementor-widget-heading\" data-id=\"0ed944d\" data-element_type=\"widget\" data-e-type=\"widget\" data-widget_type=\"heading.default\">\n\t\t\t\t\t<h2 class=\"elementor-heading-title elementor-size-default\">2021 \u00f3ta<\/h2>\t\t\t\t<\/div>\n\t\t\t\t<div class=\"elementor-element elementor-element-a09f44e elementor-widget elementor-widget-heading\" data-id=\"a09f44e\" data-element_type=\"widget\" data-e-type=\"widget\" data-widget_type=\"heading.default\">\n\t\t\t\t\t<h2 class=\"elementor-heading-title elementor-size-default\">Yukatel MBB Baskets<\/h2>\t\t\t\t<\/div>\n\t\t\t\t<div class=\"elementor-element elementor-element-6234de0 elementor-widget elementor-widget-text-editor\" data-id=\"6234de0\" data-element_type=\"widget\" data-e-type=\"widget\" data-widget_type=\"text-editor.default\">\n\t\t\t\t\t\t\t\t\t<p>A Yukatel a 2022\/23-as szezon \u00f3ta birtokolja a t\u00f6r\u00f6k kos\u00e1rlabdaklub, a Yukatel Merkezefendi Belediyesi Denizli Basket n\u00e9vhaszn\u00e1lati jogait, \u00e9s egyben a csapat f\u0151- \u00e9s mezes szponzora is.\u00a0<\/p>\t\t\t\t\t\t\t\t<\/div>\n\t\t\t\t<\/div>\n\t\t\t\t<\/div>\n\t\t\t\t<\/div>\n\t\t\t\t\t<\/div>\n\t\t\t\t<\/div>\n\t\t<div class=\"elementor-element elementor-element-ee8567e elementor-hidden-desktop elementor-hidden-tablet elementor-hidden-mobile e-flex e-con-boxed e-con e-parent\" data-id=\"ee8567e\" data-element_type=\"container\" data-e-type=\"container\">\n\t\t\t\t\t<div class=\"e-con-inner\">\n\t\t\t\t<div class=\"elementor-element elementor-element-250ded9 elementor-widget elementor-widget-heading\" data-id=\"250ded9\" data-element_type=\"widget\" data-e-type=\"widget\" data-widget_type=\"heading.default\">\n\t\t\t\t\t<h2 class=\"elementor-heading-title elementor-size-default\">N\u00e4chste Events<\/h2>\t\t\t\t<\/div>\n\t\t<div class=\"elementor-element elementor-element-8f9566c e-con-full e-flex e-con e-child\" data-id=\"8f9566c\" data-element_type=\"container\" data-e-type=\"container\">\n\t\t<div class=\"elementor-element elementor-element-a6e723d e-con-full e-flex e-con e-child\" data-id=\"a6e723d\" data-element_type=\"container\" data-e-type=\"container\" data-settings=\"{&quot;background_background&quot;:&quot;classic&quot;}\">\n\t\t\t\t<\/div>\n\t\t<div class=\"elementor-element elementor-element-11a6984 e-con-full e-flex e-con e-child\" data-id=\"11a6984\" data-element_type=\"container\" data-e-type=\"container\" data-settings=\"{&quot;background_background&quot;:&quot;gradient&quot;}\">\n\t\t\t\t<div class=\"elementor-element elementor-element-eab99fa elementor-widget elementor-widget-heading\" data-id=\"eab99fa\" data-element_type=\"widget\" data-e-type=\"widget\" data-widget_type=\"heading.default\">\n\t\t\t\t\t<h2 class=\"elementor-heading-title elementor-size-default\">oktober 15. - 17.<\/h2>\t\t\t\t<\/div>\n\t\t\t\t<div class=\"elementor-element elementor-element-9e1f7f7 elementor-widget elementor-widget-heading\" data-id=\"9e1f7f7\" data-element_type=\"widget\" data-e-type=\"widget\" data-widget_type=\"heading.default\">\n\t\t\t\t\t<h2 class=\"elementor-heading-title elementor-size-default\">DTM \/\/ Hockenheim&shy;ring<\/h2>\t\t\t\t<\/div>\n\t\t\t\t<\/div>\n\t\t\t\t<\/div>\n\t\t\t\t\t<\/div>\n\t\t\t\t<\/div>\n\t\t<div class=\"elementor-element elementor-element-05eddfc e-flex e-con-boxed e-con e-parent\" data-id=\"05eddfc\" data-element_type=\"container\" data-e-type=\"container\">\n\t\t\t\t\t<div class=\"e-con-inner\">\n\t\t\t\t<div class=\"elementor-element elementor-element-98fb6c2 elementor-widget elementor-widget-heading\" data-id=\"98fb6c2\" data-element_type=\"widget\" data-e-type=\"widget\" data-widget_type=\"heading.default\">\n\t\t\t\t\t<h2 class=\"elementor-heading-title elementor-size-default\">Kor\u00e1bbi szponzor\u00e1ci\u00f3k<\/h2>\t\t\t\t<\/div>\n\t\t\t\t<div class=\"elementor-element elementor-element-5b4a60b elementor-widget elementor-widget-text-editor\" data-id=\"5b4a60b\" data-element_type=\"widget\" data-e-type=\"widget\" data-widget_type=\"text-editor.default\">\n\t\t\t\t\t\t\t\t\t<p>A Yukatel \u00e9vek \u00f3ta t\u00e1mogatja a sportot \u00e9s k\u00fcl\u00f6nb\u00f6z\u0151 csapatokat. Szponzor\u00e1ci\u00f3ink \u00f6tv\u00f6zik a technol\u00f3giai innov\u00e1ci\u00f3t a csapatszellemmel, a szenved\u00e9llyel \u00e9s a teljes\u00edtm\u00e9nnyel, \u00e9s olyan partners\u00e9gekre f\u00f3kusz\u00e1lnak, amelyek tart\u00f3s benyom\u00e1st hagynak.<\/p>\t\t\t\t\t\t\t\t<\/div>\n\t\t<div class=\"elementor-element elementor-element-b325105 e-con-full e-flex e-con e-child\" data-id=\"b325105\" data-element_type=\"container\" data-e-type=\"container\">\n\t\t<div class=\"elementor-element elementor-element-7d9bee4 e-flex e-con-boxed e-con e-child\" data-id=\"7d9bee4\" data-element_type=\"container\" data-e-type=\"container\" data-settings=\"{&quot;background_background&quot;:&quot;classic&quot;}\">\n\t\t\t\t\t<div class=\"e-con-inner\">\n\t\t<div class=\"elementor-element elementor-element-7a30617 e-con-full e-flex e-con e-child\" data-id=\"7a30617\" data-element_type=\"container\" data-e-type=\"container\">\n\t\t\t\t<div class=\"elementor-element elementor-element-e85f562 elementor-widget elementor-widget-image\" data-id=\"e85f562\" data-element_type=\"widget\" data-e-type=\"widget\" data-widget_type=\"image.default\">\n\t\t\t\t\t\t\t\t\t\t\t\t\t\t\t<img loading=\"lazy\" decoding=\"async\" width=\"480\" height=\"480\" src=\"https:\/\/yukatel.de\/wp-content\/uploads\/2025\/09\/Eintracht-Frankfurt-2017_18.webp\" class=\"attachment-large size-large wp-image-16147\" alt=\"Logo von Eintracht Frankfurt: Roter Adler auf wei\u00dfem Hintergrund, Fu\u00dfballverein in Deutschland.\" srcset=\"https:\/\/yukatel.de\/wp-content\/uploads\/2025\/09\/Eintracht-Frankfurt-2017_18.webp 480w, https:\/\/yukatel.de\/wp-content\/uploads\/2025\/09\/Eintracht-Frankfurt-2017_18-300x300.webp 300w, https:\/\/yukatel.de\/wp-content\/uploads\/2025\/09\/Eintracht-Frankfurt-2017_18-150x150.webp 150w\" sizes=\"(max-width: 480px) 100vw, 480px\" \/>\t\t\t\t\t\t\t\t\t\t\t\t\t\t\t<\/div>\n\t\t\t\t<\/div>\n\t\t<div class=\"elementor-element elementor-element-33738fa e-con-full e-flex e-con e-child\" data-id=\"33738fa\" data-element_type=\"container\" data-e-type=\"container\">\n\t\t\t\t<div class=\"elementor-element elementor-element-71167aa elementor-widget elementor-widget-heading\" data-id=\"71167aa\" data-element_type=\"widget\" data-e-type=\"widget\" data-widget_type=\"heading.default\">\n\t\t\t\t\t<h2 class=\"elementor-heading-title elementor-size-default\">2017 \/ 18<\/h2>\t\t\t\t<\/div>\n\t\t\t\t<div class=\"elementor-element elementor-element-24c1a11 elementor-widget elementor-widget-heading\" data-id=\"24c1a11\" data-element_type=\"widget\" data-e-type=\"widget\" data-widget_type=\"heading.default\">\n\t\t\t\t\t<h2 class=\"elementor-heading-title elementor-size-default\">Eintracht Frankfurt<\/h2>\t\t\t\t<\/div>\n\t\t\t\t<div class=\"elementor-element elementor-element-a95325c elementor-widget elementor-widget-text-editor\" data-id=\"a95325c\" data-element_type=\"widget\" data-e-type=\"widget\" data-widget_type=\"text-editor.default\">\n\t\t\t\t\t\t\t\t\t<p>A Yukatel el\u0151sz\u00f6r a labdar\u00fag\u00e1s szponzor\u00e1l\u00e1s\u00e1ba kapcsol\u00f3dott be, \u00e9s az Eintracht Frankfurt els\u0151 oszt\u00e1ly\u00fa klub hivatalos partnere lett, amely a v\u00e1llalat sz\u00e9khely\u00e9hez k\u00f6zel tal\u00e1lhat\u00f3.<\/p>\t\t\t\t\t\t\t\t<\/div>\n\t\t\t\t<\/div>\n\t\t\t\t\t<\/div>\n\t\t\t\t<\/div>\n\t\t<div class=\"elementor-element elementor-element-083de75 e-con-full e-flex e-con e-child\" data-id=\"083de75\" data-element_type=\"container\" data-e-type=\"container\" data-settings=\"{&quot;background_background&quot;:&quot;classic&quot;}\">\n\t\t<div class=\"elementor-element elementor-element-7ad5555 e-con-full e-flex e-con e-child\" data-id=\"7ad5555\" data-element_type=\"container\" data-e-type=\"container\">\n\t\t\t\t<div class=\"elementor-element elementor-element-cec8af1 elementor-widget elementor-widget-image\" data-id=\"cec8af1\" data-element_type=\"widget\" data-e-type=\"widget\" data-widget_type=\"image.default\">\n\t\t\t\t\t\t\t\t\t\t\t\t\t\t\t<img loading=\"lazy\" decoding=\"async\" width=\"800\" height=\"800\" src=\"https:\/\/yukatel.de\/wp-content\/uploads\/2025\/09\/Fortuna-Duesseldorf-2018_19-1024x1024.webp\" class=\"attachment-large size-large wp-image-16146\" alt=\"Rot-wei\u00dfes Logo mit gro\u00dfem F und der Zahl 95 in der Mitte.\" srcset=\"https:\/\/yukatel.de\/wp-content\/uploads\/2025\/09\/Fortuna-Duesseldorf-2018_19-1024x1024.webp 1024w, https:\/\/yukatel.de\/wp-content\/uploads\/2025\/09\/Fortuna-Duesseldorf-2018_19-300x300.webp 300w, https:\/\/yukatel.de\/wp-content\/uploads\/2025\/09\/Fortuna-Duesseldorf-2018_19-150x150.webp 150w, https:\/\/yukatel.de\/wp-content\/uploads\/2025\/09\/Fortuna-Duesseldorf-2018_19-768x768.webp 768w, https:\/\/yukatel.de\/wp-content\/uploads\/2025\/09\/Fortuna-Duesseldorf-2018_19-1536x1536.webp 1536w, https:\/\/yukatel.de\/wp-content\/uploads\/2025\/09\/Fortuna-Duesseldorf-2018_19.webp 1600w\" sizes=\"(max-width: 800px) 100vw, 800px\" \/>\t\t\t\t\t\t\t\t\t\t\t\t\t\t\t<\/div>\n\t\t\t\t<\/div>\n\t\t<div class=\"elementor-element elementor-element-0aca02e e-con-full e-flex e-con e-child\" data-id=\"0aca02e\" data-element_type=\"container\" data-e-type=\"container\">\n\t\t\t\t<div class=\"elementor-element elementor-element-ac40b74 elementor-widget elementor-widget-heading\" data-id=\"ac40b74\" data-element_type=\"widget\" data-e-type=\"widget\" data-widget_type=\"heading.default\">\n\t\t\t\t\t<h2 class=\"elementor-heading-title elementor-size-default\">2018 \/ 19<\/h2>\t\t\t\t<\/div>\n\t\t\t\t<div class=\"elementor-element elementor-element-3a6f522 elementor-widget elementor-widget-heading\" data-id=\"3a6f522\" data-element_type=\"widget\" data-e-type=\"widget\" data-widget_type=\"heading.default\">\n\t\t\t\t\t<h2 class=\"elementor-heading-title elementor-size-default\">Fortuna D\u00fcsseldorf<\/h2>\t\t\t\t<\/div>\n\t\t\t\t<div class=\"elementor-element elementor-element-3987b29 elementor-widget elementor-widget-text-editor\" data-id=\"3987b29\" data-element_type=\"widget\" data-e-type=\"widget\" data-widget_type=\"text-editor.default\">\n\t\t\t\t\t\t\t\t\t<p>A 2018\/2019-es labdar\u00fag\u00f3 szezonban a Yukatel a Fortuna D\u00fcsseldorf hivatalos partnere volt. Az egy\u00fcttm\u0171k\u00f6d\u00e9s mag\u00e1ban foglalta t\u00f6bbek k\u00f6z\u00f6tt a nagy el\u00e9r\u00e9st biztos\u00edt\u00f3 telev\u00edzi\u00f3s rekl\u00e1mokat a MERKUR Spielarena LED-panelein.<\/p>\t\t\t\t\t\t\t\t<\/div>\n\t\t\t\t<\/div>\n\t\t\t\t<\/div>\n\t\t<div class=\"elementor-element elementor-element-caf4057 e-con-full e-flex e-con e-child\" data-id=\"caf4057\" data-element_type=\"container\" data-e-type=\"container\" data-settings=\"{&quot;background_background&quot;:&quot;classic&quot;}\">\n\t\t<div class=\"elementor-element elementor-element-fa80157 e-con-full e-flex e-con e-child\" data-id=\"fa80157\" data-element_type=\"container\" data-e-type=\"container\">\n\t\t\t\t<div class=\"elementor-element elementor-element-6dd4633 elementor-widget elementor-widget-image\" data-id=\"6dd4633\" data-element_type=\"widget\" data-e-type=\"widget\" data-widget_type=\"image.default\">\n\t\t\t\t\t\t\t\t\t\t\t\t\t\t\t<img loading=\"lazy\" decoding=\"async\" width=\"700\" height=\"700\" src=\"https:\/\/yukatel.de\/wp-content\/uploads\/2025\/09\/yukatel_denizlispor.webp\" class=\"attachment-large size-large wp-image-16148\" alt=\"Logo von Yukatel Denizlispor mit gr\u00fcn-schwarzem Wappen und wei\u00dfem Hahn, gegr\u00fcndet 1966.\" srcset=\"https:\/\/yukatel.de\/wp-content\/uploads\/2025\/09\/yukatel_denizlispor.webp 700w, https:\/\/yukatel.de\/wp-content\/uploads\/2025\/09\/yukatel_denizlispor-300x300.webp 300w, https:\/\/yukatel.de\/wp-content\/uploads\/2025\/09\/yukatel_denizlispor-150x150.webp 150w\" sizes=\"(max-width: 700px) 100vw, 700px\" \/>\t\t\t\t\t\t\t\t\t\t\t\t\t\t\t<\/div>\n\t\t\t\t<\/div>\n\t\t<div class=\"elementor-element elementor-element-2c27b83 e-con-full e-flex e-con e-child\" data-id=\"2c27b83\" data-element_type=\"container\" data-e-type=\"container\">\n\t\t\t\t<div class=\"elementor-element elementor-element-5bf1b16 elementor-widget elementor-widget-heading\" data-id=\"5bf1b16\" data-element_type=\"widget\" data-e-type=\"widget\" data-widget_type=\"heading.default\">\n\t\t\t\t\t<h2 class=\"elementor-heading-title elementor-size-default\">2019 \/ 20<\/h2>\t\t\t\t<\/div>\n\t\t\t\t<div class=\"elementor-element elementor-element-4f56cfd elementor-widget elementor-widget-heading\" data-id=\"4f56cfd\" data-element_type=\"widget\" data-e-type=\"widget\" data-widget_type=\"heading.default\">\n\t\t\t\t\t<h2 class=\"elementor-heading-title elementor-size-default\">Yukatel Denizlispor<\/h2>\t\t\t\t<\/div>\n\t\t\t\t<div class=\"elementor-element elementor-element-98a64a0 elementor-widget elementor-widget-text-editor\" data-id=\"98a64a0\" data-element_type=\"widget\" data-e-type=\"widget\" data-widget_type=\"text-editor.default\">\n\t\t\t\t\t\t\t\t\t<p>A Yukatel a t\u00f6r\u00f6k els\u0151 oszt\u00e1ly\u00fa klub, a Denizlispor hivatalos n\u00e9vad\u00f3 szponzora \u00e9s f\u0151szponzora volt a 2019\/2020-as szezonban, \u00edgy be\u00edrta mag\u00e1t a klub n\u00e9vt\u00f6rt\u00e9net\u00e9be.<\/p>\t\t\t\t\t\t\t\t<\/div>\n\t\t\t\t<\/div>\n\t\t\t\t<\/div>\n\t\t<div class=\"elementor-element elementor-element-241e03d e-con-full e-flex e-con e-child\" data-id=\"241e03d\" data-element_type=\"container\" data-e-type=\"container\" data-settings=\"{&quot;background_background&quot;:&quot;classic&quot;}\">\n\t\t<div class=\"elementor-element elementor-element-f47b9dd e-con-full e-flex e-con e-child\" data-id=\"f47b9dd\" data-element_type=\"container\" data-e-type=\"container\">\n\t\t\t\t<div class=\"elementor-element elementor-element-dd98919 elementor-widget elementor-widget-image\" data-id=\"dd98919\" data-element_type=\"widget\" data-e-type=\"widget\" data-widget_type=\"image.default\">\n\t\t\t\t\t\t\t\t\t\t\t\t\t\t\t<img loading=\"lazy\" decoding=\"async\" width=\"768\" height=\"958\" src=\"https:\/\/yukatel.de\/wp-content\/uploads\/2025\/09\/Kayerispor.webp\" class=\"attachment-large size-large wp-image-16149\" alt=\"Wappen von Yukatel Kayserispor mit Berg im Hintergrund und Gr\u00fcndungsjahr 1966, gesponsert von YukaTel.\" srcset=\"https:\/\/yukatel.de\/wp-content\/uploads\/2025\/09\/Kayerispor.webp 768w, https:\/\/yukatel.de\/wp-content\/uploads\/2025\/09\/Kayerispor-241x300.webp 241w\" sizes=\"(max-width: 768px) 100vw, 768px\" \/>\t\t\t\t\t\t\t\t\t\t\t\t\t\t\t<\/div>\n\t\t\t\t<\/div>\n\t\t<div class=\"elementor-element elementor-element-b51a4da e-con-full e-flex e-con e-child\" data-id=\"b51a4da\" data-element_type=\"container\" data-e-type=\"container\">\n\t\t\t\t<div class=\"elementor-element elementor-element-a67e96d elementor-widget elementor-widget-heading\" data-id=\"a67e96d\" data-element_type=\"widget\" data-e-type=\"widget\" data-widget_type=\"heading.default\">\n\t\t\t\t\t<h2 class=\"elementor-heading-title elementor-size-default\">2021 - 2023<\/h2>\t\t\t\t<\/div>\n\t\t\t\t<div class=\"elementor-element elementor-element-9f9e065 elementor-widget elementor-widget-heading\" data-id=\"9f9e065\" data-element_type=\"widget\" data-e-type=\"widget\" data-widget_type=\"heading.default\">\n\t\t\t\t\t<h2 class=\"elementor-heading-title elementor-size-default\">Yukatel Kayserispor<\/h2>\t\t\t\t<\/div>\n\t\t\t\t<div class=\"elementor-element elementor-element-50fd17d elementor-widget elementor-widget-text-editor\" data-id=\"50fd17d\" data-element_type=\"widget\" data-e-type=\"widget\" data-widget_type=\"text-editor.default\">\n\t\t\t\t\t\t\t\t\t<p>A 2021\/2022-es szezont\u00f3l a Yukatel birtokolja a t\u00f6r\u00f6k els\u0151 oszt\u00e1ly\u00fa klub, a Yukatel Kayserispor n\u00e9vhaszn\u00e1lati jogait, \u00e9s szint\u00e9n f\u0151- \u00e9s mezes szponzork\u00e9nt m\u0171k\u00f6dik.<\/p>\t\t\t\t\t\t\t\t<\/div>\n\t\t\t\t<\/div>\n\t\t\t\t<\/div>\n\t\t\t\t<\/div>\n\t\t\t\t\t<\/div>\n\t\t\t\t<\/div>\n\t\t\t\t<\/div>","protected":false},"excerpt":{"rendered":"<p>Wir spielen in der ersten liga Sponsoring wir f\u00f6rdern leidenschaft Yukatel engagiert sich als Sponsor im Sport und unterst\u00fctzt verschiedene Projekte und Teams. Mit diesem Engagement verbindet das Unternehmen technologische Innovation mit Teamgeist, Leidenschaft und Performance. Seit 2025 D\u00f6rr Motorsport Yukatel ist in der DTM-Saison 2025 Hauptsponsor von D\u00f6rr Motorsport und geht mit dem ehemaligen [&hellip;]<\/p>\n","protected":false},"author":2,"featured_media":0,"parent":0,"menu_order":0,"comment_status":"closed","ping_status":"closed","template":"elementor_header_footer","meta":{"_monsterinsights_skip_tracking":false,"_monsterinsights_sitenote_active":false,"_monsterinsights_sitenote_note":"","_monsterinsights_sitenote_category":0,"footnotes":""},"class_list":["post-15873","page","type-page","status-publish","hentry"],"_links":{"self":[{"href":"https:\/\/yukatel.de\/hu\/wp-json\/wp\/v2\/pages\/15873","targetHints":{"allow":["GET"]}}],"collection":[{"href":"https:\/\/yukatel.de\/hu\/wp-json\/wp\/v2\/pages"}],"about":[{"href":"https:\/\/yukatel.de\/hu\/wp-json\/wp\/v2\/types\/page"}],"author":[{"embeddable":true,"href":"https:\/\/yukatel.de\/hu\/wp-json\/wp\/v2\/users\/2"}],"replies":[{"embeddable":true,"href":"https:\/\/yukatel.de\/hu\/wp-json\/wp\/v2\/comments?post=15873"}],"version-history":[{"count":33,"href":"https:\/\/yukatel.de\/hu\/wp-json\/wp\/v2\/pages\/15873\/revisions"}],"predecessor-version":[{"id":17651,"href":"https:\/\/yukatel.de\/hu\/wp-json\/wp\/v2\/pages\/15873\/revisions\/17651"}],"wp:attachment":[{"href":"https:\/\/yukatel.de\/hu\/wp-json\/wp\/v2\/media?parent=15873"}],"curies":[{"name":"wp","href":"https:\/\/api.w.org\/{rel}","templated":true}]}}